{"id":1621,"date":"2021-04-10T12:23:30","date_gmt":"2021-04-10T11:23:30","guid":{"rendered":"https:\/\/vitezi-rend.com\/?page_id=1621"},"modified":"2021-04-10T12:23:31","modified_gmt":"2021-04-10T11:23:31","slug":"the-vitezi-rend-order-of-vitez-an-honour-superior-to-a-chivalric-order","status":"publish","type":"page","link":"http:\/\/www.vitezi-rend.com\/hu\/the-vitezi-rend-order-of-vitez-an-honour-superior-to-a-chivalric-order\/","title":{"rendered":"A Vit\u00e9zi Rend, a lovagrendek tags\u00e1g\u00e1n\u00e1l is nagyobb \u00e9rt\u00e9k\u0171 megtisztel\u0151 c\u00edm"},"content":{"rendered":"<p class=\"has-text-align-center\"><em>Szerz\u0151: vit\u00e9z nemes Pier Felice degli Uberti<\/em><\/p>\n\n\n\n<p>Id\u00e9n \u00fcnnepli 100 \u00e9ves jubileum\u00e1t a Vit\u00e9zi Rend, ez ad alkalmat arra, hogy elgondolkozzunk azon, hogyan is \u00e9lhette t\u00fal ezt a 100 \u00e9vet folytonosan a Rend. A hagyom\u00e1nyos magyar b\u00fcszkes\u00e9g nem engedte, hogy a k\u00e9rd\u00e9st nyilv\u00e1nosan vitass\u00e1k meg a nemzetk\u00f6zi lovagi \u00e9s nemesi k\u00f6z\u00f6ss\u00e9gben, mi is ennek a rendnek a jelent\u0151s\u00e9ge, mely egyike annak a h\u00e1rom lovagrendnek, amelyeket a Habsburg-Lotharingiai H\u00e1z ma is adom\u00e1nyoz.<\/p>\n\n\n\n<p>A Rendet 1920-ban alap\u00edtott\u00e1k az\u00e9rt, hogy ezzel jutalmazz\u00e1k a h\u00e1bor\u00fas h\u0151s\u00f6k ezreit, \u00e9s hogy az orsz\u00e1gra k\u00e9nyszer\u00edtett igazs\u00e1gtalan b\u00e9ke miatt k\u00e9ts\u00e9gbeejt\u0151 helyzetbe ker\u00fclt Magyarorsz\u00e1g talpra \u00e1ll\u00edt\u00e1sa meginduljon.<\/p>\n\n\n\n<p class=\" translation-block\">Az alap\u00edt\u00f3 nagyb\u00e1nyai Horthy Mikl\u00f3s admir\u00e1lis, a Magyar Kir\u00e1lys\u00e1g korm\u00e1nyz\u00f3ja volt. Ebben az id\u0151szakban az orsz\u00e1g monarchiak\u00e9nt m\u0171k\u00f6d\u00f6tt, \u00e1m a nemzetk\u00f6zi politikai helyzet miatt nem volt uralkod\u00f3ja. Ez\u00e9rt a Vit\u00e9zi Rend fons honoruma (szuver\u00e9n jogforr\u00e1sa) maga a Szent Korona (\u00e9pp\u00fagy, mint 1944-ig minden m\u00e1s magyar kit\u00fcntet\u00e9snek).<\/p>\n\n\n\n<p>M\u00e1s, a XX. sz\u00e1zadban alap\u00edtott lovagrendekkel szemben a VR olyan el\u0151kel\u0151 saj\u00e1ts\u00e1gokkal b\u00edr, amelyek minden m\u00e1s rend f\u00f6l\u00e9 helyezik. A Rend gy\u00f6kerei a magyar t\u00f6rt\u00e9nelem m\u00e9ly\u00e9b\u0151l \u00e9s az eur\u00f3pai kereszt\u00e9ny hagyom\u00e1nyb\u00f3l t\u00e1pl\u00e1lkoznak.<\/p>\n\n\n\n<p>A vit\u00e9zi c\u00edm ma is olyan kit\u0171ntet\u00e9s, amelyik egyed\u00fcl\u00e1ll\u00f3 \u00e9s ma is \u00e9l Magyarorsz\u00e1gon, a magyar emigr\u00e1ci\u00f3ban \u00e9s azon a k\u00fclf\u00f6ldiek k\u00f6r\u00e9ben, akik a magyar kult\u00far\u00e1t nagyra becs\u00fclik.<\/p>\n\n\n\n<p class=\" translation-block\">A vit\u00e9zi c\u00edm elnyer\u0151je azt neve el\u0151tt haszn\u00e1lja \u00e9s ezzel is kifejezi, hogy a lovagrendek legr\u00e9gibb hagyom\u00e1ny\u00e1nak megfelel\u0151en az avatott szem\u00e9lyt nemess\u00e9 is teszi \u00e9s \u00f6r\u00f6k\u00f6lhet\u0151, s\u0151t, eredetileg birtokadom\u00e1nnyal is j\u00e1rt.<\/p>\n\n\n\n<p>Az \u00f6r\u00f6ks\u00e9g eredetileg a 17 \u00e9vet bet\u00f6lt\u00f6tt legid\u0151sebb fi\u00fara sz\u00e1llt tov\u00e1bb, feud\u00e1lis m\u00f3don, a vit\u00e9zi telekhez k\u00f6tve, amelynek m\u00e9retet \u2013 rangt\u00f3l \u00e9s helysz\u00ednt\u0151l f\u00fcgg\u0151en \u2013 4 \u00e9s 125 hekt\u00e1r k\u00f6z\u00f6tt v\u00e1ltozhatott. Fi\u00fa\u00f6r\u00f6k\u00f6s hi\u00e1ny\u00e1ban a legid\u0151sebb le\u00e1ny, illetve, ennek f\u00e9rje \u00f6r\u00f6k\u00f6lte a birtokot \u00e9s a c\u00edmet. K\u00e9s\u0151bb, az emigr\u00e1ci\u00f3ban, az akt\u00edv vit\u00e9zi csal\u00e1dok sz\u00e1m\u00e1nak drasztikus cs\u00f6kken\u00e9se miatt az \u00f6r\u00f6kl\u00e9s jog\u00e1t kiterjesztett\u00e9k az \u00f6sszes fi\u00fara \u00e9s le\u00e1nyra.<\/p>\n\n\n\n<p>Egyes t\u00f6rt\u00e9n\u00e9szek ezt a gondolatot egyfajta agr\u00e1rreformk\u00e9nt is \u00e9rtelmezik, amelynek eredm\u00e9nyek\u00e9ppen \u00faj kis- \u00e9s k\u00f6zepes birtokos r\u00e9teg j\u00f6tt l\u00e9tre. Ez is al\u00e1t\u00e1masztja a Rend demokratikus jelleg\u00e9t, melyet az is kifejez, hogy a tiszti \u00e9s leg\u00e9nys\u00e9gi vit\u00e9zek mind egyform\u00e1n a vit\u00e9z c\u00edmet haszn\u00e1lhatt\u00e1k, megk\u00fcl\u00f6nb\u00f6ztet\u00e9s n\u00e9lk\u00fcl, \u00e9s hogy ezt a c\u00edmet t\u00e1rsadalmi gy\u00f6kereit\u0151l f\u00fcggetlen\u00fcl minden magyar elnyerhette, ha kiemelked\u0151 h\u0151stettet hajtott v\u00e9gre az Els\u0151 Vil\u00e1gh\u00e1bor\u00faban. A telkeket \u00e1ltal\u00e1ban a nagybirtokos arisztokr\u00e1cia tagjai aj\u00e1nlott\u00e1k fel, \u00edgy val\u00f3ban egyfajta f\u00f6ldreform is t\u00f6rt\u00e9nt.<\/p>\n\n\n\n<p class=\" translation-block\">Az elvesztett h\u00e1bor\u00fa ellen\u00e9re a magyar b\u00fcszkes\u00e9g nem t\u00f6rt meg, \u00e9s a Rend egy \u00faj \u00f6r\u00f6kletes elit oszt\u00e1lyt hozott l\u00e9tre, amelyik a magyar \u00e1llammal \u00e9s a nemzettel a legszorosabb kapcsolatban m\u0171k\u00f6d\u00f6tt. A Rend kezdett\u0151l fogva term\u00e9szetes m\u00f3don kapcsol\u00f3dott a Habsburg-Lotharingiai H\u00e1zhoz, hiszen maguk az alapul szolg\u00e1l\u00f3 els\u0151 vil\u00e1gh\u00e1bor\u00fas kit\u00fcntet\u00e9sek is az Osztr\u00e1k-Magyar Monarchia dekor\u00e1ci\u00f3i voltak.<\/p>\n\n\n\n<p>Ugyanezeket a felt\u00e9teleket meg\u0151rizt\u00e9k sok\u00e1ig, eg\u00e9szen a II. Vil\u00e1gh\u00e1bor\u00fa idej\u00e9ig, amikor a c\u00edm adom\u00e1nyoz\u00e1sa folytat\u00f3dott.<\/p>\n\n\n\n<p>\u00c9rdekes az a t\u00e9ny, hogy Horthy Mikl\u00f3s korm\u00e1nyz\u00f3 nem nagymesteri, hanem f\u0151kapit\u00e1nyi c\u00edmet viselt.<\/p>\n\n\n\n<p>1944-ben a Korm\u00e1nyz\u00f3t letart\u00f3ztatt\u00e1k a n\u00e9metek, \u00e9s 1945-\u00f6s szabadul\u00e1sa ut\u00e1n Portug\u00e1li\u00e1ba emigr\u00e1lt, ahol eg\u00e9szen 1957-ben bek\u00f6vetkezett hal\u00e1l\u00e1ig az emigr\u00e1ci\u00f3ban \u00e9l\u0151 tagokkal tov\u00e1bb m\u0171k\u00f6dtette a Rendet.<\/p>\n\n\n\n<p class=\" translation-block\">Ezt k\u00f6vet\u0151en 1958\u201359-ben a k\u00fclf\u00f6ld\u00f6n \u00e9l\u0151 rendtagok tan\u00e1csa v\u00e9g\u00fcl J\u00f3zsef \u00c1gost f\u0151herceg hadseregt\u00e1bornokot v\u00e1lasztott\u00e1k meg f\u0151kapit\u00e1nynak, aki egy\u00e9bk\u00e9nt a Rend legels\u0151nek avatott tagja is volt. 1962-ben az \u00faj F\u0151kapit\u00e1ny a Nemzetk\u00f6zi Lovagrendek Tan\u00e1cs\u00e1hoz fordult, hogy az \u2013 mint a leghitelesebb tudom\u00e1nyos szervezet e ter\u00fcleten \u2013 ismerje el a Vit\u00e9zi Rend folytonoss\u00e1g\u00e1t \u00e9s legitimit\u00e1s\u00e1t. Ez 1964-ben meg is t\u00f6rt\u00e9nt, \u00e9s \u00edgy a VR beker\u00fclt az elismert rendek regiszter\u00e9be.<\/p>\n\n\n\n<p class=\" translation-block\">J\u00f3zsef \u00c1gost f\u0151herceg 1962-ben bek\u00f6vetkezett hal\u00e1l\u00e1val a Tan\u00e1cs a II. Vil\u00e1gh\u00e1bor\u00fa h\u0151s t\u00e1bornok\u00e1t, kisbarnaki Farkas Ferencet v\u00e1lasztotta F\u0151kapit\u00e1nynak. 1977-ben, 85 \u00e9ves kor\u00e1ban \u0151 lemondott, \u00e9s ekkor \u00fajra a Habsburg-Lotharingiai H\u00e1z vette \u00e1t a f\u0151kapit\u00e1nyi tisztet, J\u00f3zsef \u00c1rp\u00e1d f\u0151herceg szem\u00e9ly\u00e9ben.  \u0150 a hal\u00e1l\u00e1ig, 2017-ig vezette a Rendet.<\/p>\n\n\n\n<p class=\" translation-block\">A megmaradt vit\u00e9zek, amikor J\u00f3zsef \u00c1rp\u00e1dot v\u00e1lasztott\u00e1k meg, arr\u00f3l is d\u00f6nt\u00f6ttek, hogy a j\u00f6v\u0151ben a Rend vezet\u0151j\u00e9nek tiszts\u00e9ge \u00f6r\u00f6kl\u0151dj\u00e9k a legid\u0151sebb fi\u00fa \u00e1g\u00e1n a Habsburgok magyar (n\u00e1dori) \u00e1g\u00e1ban, ami a rendi alapszab\u00e1ly legfontosabb elem\u00e9v\u00e9 v\u00e1lt, s \u00edgy most J\u00f3zsef K\u00e1roly f\u0151herceg viseli a f\u0151kapit\u00e1nyi tisztet.<\/p>\n\n\n\n<p><strong>N\u00e9h\u00e1ny gondolat arr\u00f3l, mi emeli a Vit\u00e9zi Rendet m\u00e1s lovagrendek f\u00f6l\u00e9:<\/strong><\/p>\n\n\n\n<p>1. M\u00e1s dinasztikus rendekkel ellent\u00e9tben, m\u0171k\u00f6d\u00e9se soha nem szakadt meg. Mivel a Tan\u00e1cs mindk\u00e9t nembeli ut\u00f3dokra kiterjesztette az \u00f6r\u00f6kl\u00e9s jog\u00e1t, a Rend \u00f6r\u00f6k id\u0151kig fenn fog maradni.<\/p>\n\n\n\n<p>2. Mivel a Szent Korona \u00e1ltal vezetett orsz\u00e1g idej\u00e9ben t\u00f6rt\u00e9nt a rendtags\u00e1ggal kapcsolatos birtokadom\u00e1nyoz\u00e1s, ez a Rend \u00fajfajta nemess\u00e9get hozott l\u00e9tre.<\/p>\n\n\n\n<p class=\" translation-block\">3. A vit\u00e9zi c\u00edm a lovagn\u00e1l magasabb \u00e9rt\u00e9k\u0171, mert szem\u00e9lyes b\u00e1tors\u00e1got \u00e9s \u00e9rdemszerz\u00e9st ismert el, olyan emberek r\u00e9sz\u00e9r\u0151l, akik minden k\u00f6telezetts\u00e9g n\u00e9lk\u00fcl, saj\u00e1t h\u0151siess\u00e9gb\u0151l k\u00f6vett\u00e9k el kiemelked\u0151 \u00f6nfel\u00e1ldoz\u00f3 h\u0151si tetteiket a k\u00f6z\u00f6ss\u00e9g \u00e9rdek\u00e9ben. Ez a forr\u00e1sa egy \u00fajfajta nemess\u00e9gnek, amelyet az is kifejez, hogy a kit\u00fcntetett a vit\u00e9z c\u00edmet \u00fagy haszn\u00e1lja neve el\u0151tt, mint a f\u0151nemesi c\u00edmeket szok\u00e1s.<\/p>\n\n\n\n<p class=\" translation-block\">4. Azzal a d\u00f6nt\u00e9ssel, hogy a f\u0151kapit\u00e1nyi c\u00edm a Habsburg H\u00e1z magyar \u00e1g\u00e1ban \u00f6r\u00f6kl\u0151dik, a Rend \u00f6r\u00f6kre a magyar nemzet saj\u00e1tja lett.<\/p>\n\n\n\n<p>5. A Rend az 1944-ig avatott vit\u00e9zek lesz\u00e1rmazottaiban \u00f6r\u00f6k id\u0151kre folytat\u00f3dik, \u00e9s benne, a k\u00f6z\u00e9pkori hagyom\u00e1nyok szerint, maguk a lovagok avatnak \u00faj lovagokat \u2013 ma ennek szellem\u00e9ben, a hagyom\u00e1nyt fenntartand\u00f3, a F\u0151kapit\u00e1ny vagy megb\u00edzottja avatja fel az \u00faj vit\u00e9zeket. Az \u00faj tagokat az otthon \u00e9s k\u00fclf\u00f6ld\u00f6n \u00e9l\u0151 magyarok \u00e9s a k\u00fclf\u00f6ldiek Magyarorsz\u00e1got \u00e9s a magyar kult\u00far\u00e1t nagyrabecs\u00fcl\u0151 k\u00f6reib\u0151l v\u00e1lasztja ki a Rend, ezzel a l\u00e9tez\u0151 legnagyobb megtiszteltet\u00e9sben r\u00e9szes\u00edtve \u0151ket.<\/p>","protected":false},"excerpt":{"rendered":"<p>Author: vit\u00e9z noble Pier Felice degli Uberti This year, the Order of Vit\u00e9z has 100 years and it is necessary to do some considerations on its survival in the reality of the 21th century. The traditional pride of Hungarians has kept them from publicly discussing appropriately in the international chivalric and nobiliary community the real [&hellip;]<\/p>","protected":false},"author":2,"featured_media":0,"parent":0,"menu_order":0,"comment_status":"closed","ping_status":"closed","template":"","meta":{"_genesis_hide_title":false,"_genesis_hide_breadcrumbs":false,"_genesis_hide_singular_image":false,"_genesis_hide_footer_widgets":false,"_genesis_custom_body_class":"","_genesis_custom_post_class":"","_genesis_layout":""},"categories":[],"tags":[],"_links":{"self":[{"href":"http:\/\/www.vitezi-rend.com\/hu\/wp-json\/wp\/v2\/pages\/1621"}],"collection":[{"href":"http:\/\/www.vitezi-rend.com\/hu\/wp-json\/wp\/v2\/pages"}],"about":[{"href":"http:\/\/www.vitezi-rend.com\/hu\/wp-json\/wp\/v2\/types\/page"}],"author":[{"embeddable":true,"href":"http:\/\/www.vitezi-rend.com\/hu\/wp-json\/wp\/v2\/users\/2"}],"replies":[{"embeddable":true,"href":"http:\/\/www.vitezi-rend.com\/hu\/wp-json\/wp\/v2\/comments?post=1621"}],"version-history":[{"count":3,"href":"http:\/\/www.vitezi-rend.com\/hu\/wp-json\/wp\/v2\/pages\/1621\/revisions"}],"predecessor-version":[{"id":1624,"href":"http:\/\/www.vitezi-rend.com\/hu\/wp-json\/wp\/v2\/pages\/1621\/revisions\/1624"}],"wp:attachment":[{"href":"http:\/\/www.vitezi-rend.com\/hu\/wp-json\/wp\/v2\/media?parent=1621"}],"wp:term":[{"taxonomy":"category","embeddable":true,"href":"http:\/\/www.vitezi-rend.com\/hu\/wp-json\/wp\/v2\/categories?post=1621"},{"taxonomy":"post_tag","embeddable":true,"href":"http:\/\/www.vitezi-rend.com\/hu\/wp-json\/wp\/v2\/tags?post=1621"}],"curies":[{"name":"wp","href":"https:\/\/api.w.org\/{rel}","templated":true}]}}