{"id":2694,"date":"2022-01-15T13:23:49","date_gmt":"2022-01-15T12:23:49","guid":{"rendered":"https:\/\/www.vitezi-rend.com\/?page_id=2694"},"modified":"2026-03-28T09:55:48","modified_gmt":"2026-03-28T08:55:48","slug":"the-mission-and-values","status":"publish","type":"page","link":"http:\/\/www.vitezi-rend.com\/hu\/the-mission-and-values\/","title":{"rendered":"K\u00fcldet\u00e9s\u00fcnk \u00e9s \u00e9rt\u00e9keink"},"content":{"rendered":"<p>Rend\u00fcnk egy magyar, kereszt\u00e9ny, katonai lovagrend, amely az els\u0151 vil\u00e1gh\u00e1bor\u00fa borzadalm\u00e1b\u00f3l, puszt\u00edt\u00e1s\u00e1b\u00f3l \u00e9s sz\u00e9tsz\u00f3rat\u00e1s\u00e1b\u00f3l sz\u00fcletett. Szent Istv\u00e1n Szent Koron\u00e1j\u00e1nak szolg\u00e1lat\u00e1ban \u00e1ll, hogy befogadja a h\u0151s\u00f6ket, \u00e9s haz\u00e1t, valamint \u00faj kezdetet ny\u00fajtson nekik.<\/p>\n\n\n\n<p>A szabads\u00e1gra t\u00f6rekv\u0151 magyar l\u00e9lek, amely saj\u00e1t akarat\u00e1b\u00f3l Szent Istv\u00e1n Koron\u00e1ja alatt egyes\u00fcl. Al\u00e1zattal szolg\u00e1lni, \u00e9s Krisztust l\u00e1tni mindenkiben. K\u00fcl\u00f6n\u00f6sen azokban, akik sz\u00fcks\u00e9get szenvednek.<\/p>\n\n\n\n<p>A Honv\u00e9ds\u00e9gb\u0151l, a magyar fegyveres er\u0151kb\u0151l ered\u0151en a Vit\u00e9zi Rend szervezeti fel\u00e9p\u00edt\u00e9s\u00e9t \u00e9s nemzetek feletti k\u00e9pess\u00e9geit innen eredezteti. Mai \u00e9s j\u00f6v\u0151beli k\u00fcldet\u00e9s\u00fcnk karitat\u00edv: veter\u00e1nok, katon\u00e1k (\u00e9s csal\u00e1djaik) \u00fcgy\u00e9ben seg\u00e9dkez\u00e9s, finansz\u00edroz\u00e1s \u00e9s t\u00e1mogat\u00e1s, akik kiszolg\u00e1ltatott helyzetbe ker\u00fcltek, traum\u00e1t szenvedtek vagy m\u00e1s m\u00f3don korl\u00e1tozottak. Minden er\u0151fesz\u00edt\u00e9s\u00fcnk ezt a k\u00fcldet\u00e9st k\u00edv\u00e1nja szolg\u00e1lni abban a 27 orsz\u00e1gban, ahol jelen vagyunk \u00e9s akt\u00edvan m\u0171k\u00f6d\u00fcnk.<\/p>\n\n\n\n<p>\u00c9ves p\u00e9nz\u00fcgyi besz\u00e1mol\u00f3ink \u00e1tl\u00e1that\u00f3ak: audit\u00e1ltak \u00e9s k\u00f6zz\u00e9tettek. Ennek megfelel\u0151en a Vit\u00e9zi Rend csak olyan j\u00f3t\u00e9konys\u00e1gi esem\u00e9nyekben vehet r\u00e9szt, \u00e9s azokat t\u00e1mogathatja, ahol a k\u00f6nyvel\u00e9s szab\u00e1lyai \u00e9s a bev\u00e9telek felhaszn\u00e1l\u00e1sa el\u0151re meghat\u00e1rozott, nyilv\u00e1nos \u00e9s hozz\u00e1f\u00e9rhet\u0151. Val\u00f3di az \u00e1tl\u00e1that\u00f3s\u00e1g, nem hagyva teret sem bizalmatlans\u00e1gnak, sem pletyk\u00e1knak, sem r\u00e1galmaknak.<\/p>\n\n\n\n<p>Felel\u0151ss\u00e9ggel tartozunk: Istennek, Magyarorsz\u00e1gnak, Szent Istv\u00e1n Szent Koron\u00e1j\u00e1nak.<\/p>\n\n\n\n<p>Ir\u00e1nyt\u0171nk: a Biblia \u00e9s annak T\u00edzparancsolata.<\/p>\n\n\n\n<p>Kitartunk: katonai fel\u00e9p\u00edt\u00e9s\u00fcnk \u00e9s rendi szab\u00e1lyaink mellett.<\/p>\n\n\n\n<p>Elk\u00f6telezettek vagyunk: csal\u00e1djaink, nemzeteink, zsid\u00f3 \u00e9s kereszt\u00e9ny kult\u00far\u00e1nk \u00e9s \u00f6r\u00f6ks\u00e9g\u00fcnk ir\u00e1nt.<\/p>\n\n\n\n<p><br><br><\/p>","protected":false},"excerpt":{"rendered":"<p>We are a Hungarian, Christian, Military Order of Knights. Risen from the pains of destruction and displacement of the First World War. In service to the Holy Crown of Saint Stephen. To welcome the heroes and offer them homeland and a new beginning. The freedom seeking oriental Hungarian Soul. Constrained by its own will to [&hellip;]<\/p>","protected":false},"author":1,"featured_media":0,"parent":0,"menu_order":0,"comment_status":"closed","ping_status":"closed","template":"","meta":{"_genesis_hide_title":false,"_genesis_hide_breadcrumbs":false,"_genesis_hide_singular_image":false,"_genesis_hide_footer_widgets":false,"_genesis_custom_body_class":"","_genesis_custom_post_class":"","_genesis_layout":""},"categories":[],"tags":[],"_links":{"self":[{"href":"http:\/\/www.vitezi-rend.com\/hu\/wp-json\/wp\/v2\/pages\/2694"}],"collection":[{"href":"http:\/\/www.vitezi-rend.com\/hu\/wp-json\/wp\/v2\/pages"}],"about":[{"href":"http:\/\/www.vitezi-rend.com\/hu\/wp-json\/wp\/v2\/types\/page"}],"author":[{"embeddable":true,"href":"http:\/\/www.vitezi-rend.com\/hu\/wp-json\/wp\/v2\/users\/1"}],"replies":[{"embeddable":true,"href":"http:\/\/www.vitezi-rend.com\/hu\/wp-json\/wp\/v2\/comments?post=2694"}],"version-history":[{"count":7,"href":"http:\/\/www.vitezi-rend.com\/hu\/wp-json\/wp\/v2\/pages\/2694\/revisions"}],"predecessor-version":[{"id":5820,"href":"http:\/\/www.vitezi-rend.com\/hu\/wp-json\/wp\/v2\/pages\/2694\/revisions\/5820"}],"wp:attachment":[{"href":"http:\/\/www.vitezi-rend.com\/hu\/wp-json\/wp\/v2\/media?parent=2694"}],"wp:term":[{"taxonomy":"category","embeddable":true,"href":"http:\/\/www.vitezi-rend.com\/hu\/wp-json\/wp\/v2\/categories?post=2694"},{"taxonomy":"post_tag","embeddable":true,"href":"http:\/\/www.vitezi-rend.com\/hu\/wp-json\/wp\/v2\/tags?post=2694"}],"curies":[{"name":"wp","href":"https:\/\/api.w.org\/{rel}","templated":true}]}}